{"id":354,"date":"2015-11-27T16:28:27","date_gmt":"2015-11-27T15:28:27","guid":{"rendered":"http:\/\/www.pep06.fr\/ader\/?page_id=354"},"modified":"2015-11-27T16:28:27","modified_gmt":"2015-11-27T15:28:27","slug":"saaas","status":"publish","type":"page","link":"https:\/\/www.pep06.fr\/ader\/saaas\/","title":{"rendered":"Le SAAAS"},"content":{"rendered":"<p>Destin\u00e9 aux d\u00e9ficients visuels, le Service d\u2019Aide \u00e0 l\u2019Acquisition de l\u2019Autonomie et \u00e0 la Scolarisation effectue le suivi d\u2019enfants et d\u2019\u00e9l\u00e8ves de 3 \u00e0 20 ans, via une notification de la <abbr title=\"Maison D\u00e9partementale des Personnes Handicap\u00e9es\">MDPH<\/abbr>.<\/p>\n<p>Le <abbr title=\"Service d\u2019Aide \u00e0 l\u2019Acquisition de l\u2019Autonomie et \u00e0 la Scolarisation\">SAAAS<\/abbr> a pour vocation de conduire des actions sp\u00e9cifiques adapt\u00e9es \u00e0 la situation du jeune d\u00e9ficient visuel scolaris\u00e9 en milieu ordinaire,\u00a0 afin de d\u00e9velopper son autonomie et favoriser ainsi sa scolarisation et son insertion sociale.\u00a0Il intervient sur les \u00e9tablissements de scolarisation et met \u00e0 disposition un plateau technique de professionnels permettant :<\/p>\n<ul>\n<li>Un soutien adapt\u00e9 \u00e0 la scolarisation (Acquisition, maintien et d\u00e9veloppement de comp\u00e9tences scolaires)<\/li>\n<li>Un suivi m\u00e9dical, th\u00e9rapeutique et r\u00e9\u00e9ducatif<\/li>\n<li>Des informations li\u00e9es \u00e0 la d\u00e9ficience visuelle et aux outils palliatifs (notamment informatiques)<\/li>\n<li>Un accompagnement\u00a0 personnalis\u00e9 de l\u2019\u00e9l\u00e8ve et de sa famille<\/li>\n<li>L\u2019acquisition, le maintien et le d\u00e9veloppement de techniques li\u00e9es \u00e0 l\u2019autonomie<\/li>\n<\/ul>\n","protected":false},"excerpt":{"rendered":"<p>Destin\u00e9 aux d\u00e9ficients visuels, le Service d\u2019Aide \u00e0 l\u2019Acquisition de l\u2019Autonomie et \u00e0 la Scolarisation effectue le suivi d\u2019enfants et d\u2019\u00e9l\u00e8ves de 3 \u00e0 20 ans, via une notification de la MDPH. Le SAAAS a pour vocation de conduire des actions sp\u00e9cifiques adapt\u00e9es \u00e0 la situation du jeune d\u00e9ficient visuel scolaris\u00e9 en milieu ordinaire,\u00a0 afin&#8230;<\/p>\n<p><a href=\"https:\/\/www.pep06.fr\/ader\/saaas\/\"><span class=\"glyphicon glyphicon-arrow-right\"><\/span>&nbsp;Poursuivre la lecture<\/a><\/p>","protected":false},"author":1,"featured_media":0,"parent":0,"menu_order":0,"comment_status":"closed","ping_status":"closed","template":"page-no-breadcrumbs-full-width.php","meta":{"_uf_show_specific_survey":0,"_uf_disable_surveys":false,"jetpack_post_was_ever_published":false,"footnotes":""},"class_list":["post-354","page","type-page","status-publish","hentry"],"yoast_head":"<!-- This site is optimized with the Yoast SEO plugin v27.5 - https:\/\/yoast.com\/product\/yoast-seo-wordpress\/ -->\n<title>Le SAAAS - IES Cl\u00e9ment Ader<\/title>\n<meta name=\"description\" content=\"L\u2019institut d\u2019\u00e9ducation sensorielle Cl\u00e9ment Ader PEP06 accueille un public \u00e2g\u00e9 de 6 \u00e0 20 ans pr\u00e9sentant une d\u00e9ficience visuelle et\/ou auditive\" \/>\n<meta name=\"robots\" content=\"index, follow, max-snippet:-1, max-image-preview:large, max-video-preview:-1\" \/>\n<link rel=\"canonical\" href=\"https:\/\/www.pep06.fr\/ader\/saaas\/\" \/>\n<meta property=\"og:locale\" content=\"fr_FR\" \/>\n<meta property=\"og:type\" content=\"article\" \/>\n<meta property=\"og:title\" content=\"Le SAAAS - IES Cl\u00e9ment Ader\" \/>\n<meta property=\"og:description\" content=\"L\u2019institut d\u2019\u00e9ducation sensorielle Cl\u00e9ment Ader PEP06 accueille un public \u00e2g\u00e9 de 6 \u00e0 20 ans pr\u00e9sentant une d\u00e9ficience visuelle et\/ou auditive\" \/>\n<meta property=\"og:url\" content=\"https:\/\/www.pep06.fr\/ader\/saaas\/\" \/>\n<meta property=\"og:site_name\" content=\"IES Cl\u00e9ment Ader\" \/>\n<meta property=\"article:publisher\" content=\"https:\/\/www.facebook.com\/ADPEP06\" \/>\n<meta name=\"twitter:card\" content=\"summary_large_image\" \/>\n<meta name=\"twitter:label1\" content=\"Dur\u00e9e de lecture estim\u00e9e\" \/>\n\t<meta name=\"twitter:data1\" content=\"1 minute\" \/>\n<script type=\"application\/ld+json\" class=\"yoast-schema-graph\">{\"@context\":\"https:\\\/\\\/schema.org\",\"@graph\":[{\"@type\":\"WebPage\",\"@id\":\"https:\\\/\\\/www.pep06.fr\\\/ader\\\/saaas\\\/\",\"url\":\"https:\\\/\\\/www.pep06.fr\\\/ader\\\/saaas\\\/\",\"name\":\"Le SAAAS - IES Cl\u00e9ment Ader\",\"isPartOf\":{\"@id\":\"https:\\\/\\\/www.pep06.fr\\\/ader\\\/#website\"},\"datePublished\":\"2015-11-27T15:28:27+00:00\",\"description\":\"L\u2019institut d\u2019\u00e9ducation sensorielle Cl\u00e9ment Ader PEP06 accueille un public \u00e2g\u00e9 de 6 \u00e0 20 ans pr\u00e9sentant une d\u00e9ficience visuelle et\\\/ou auditive\",\"breadcrumb\":{\"@id\":\"https:\\\/\\\/www.pep06.fr\\\/ader\\\/saaas\\\/#breadcrumb\"},\"inLanguage\":\"fr-FR\",\"potentialAction\":[{\"@type\":\"ReadAction\",\"target\":[\"https:\\\/\\\/www.pep06.fr\\\/ader\\\/saaas\\\/\"]}]},{\"@type\":\"BreadcrumbList\",\"@id\":\"https:\\\/\\\/www.pep06.fr\\\/ader\\\/saaas\\\/#breadcrumb\",\"itemListElement\":[{\"@type\":\"ListItem\",\"position\":1,\"name\":\"Accueil\",\"item\":\"https:\\\/\\\/www.pep06.fr\\\/ader\\\/\"},{\"@type\":\"ListItem\",\"position\":2,\"name\":\"Le SAAAS\"}]},{\"@type\":\"WebSite\",\"@id\":\"https:\\\/\\\/www.pep06.fr\\\/ader\\\/#website\",\"url\":\"https:\\\/\\\/www.pep06.fr\\\/ader\\\/\",\"name\":\"IES Cl\u00e9ment Ader\",\"description\":\"Le site de l&#039;IES Cl\u00e9ment Ader des PEP 06\",\"publisher\":{\"@id\":\"https:\\\/\\\/www.pep06.fr\\\/ader\\\/#organization\"},\"potentialAction\":[{\"@type\":\"SearchAction\",\"target\":{\"@type\":\"EntryPoint\",\"urlTemplate\":\"https:\\\/\\\/www.pep06.fr\\\/ader\\\/?s={search_term_string}\"},\"query-input\":{\"@type\":\"PropertyValueSpecification\",\"valueRequired\":true,\"valueName\":\"search_term_string\"}}],\"inLanguage\":\"fr-FR\"},{\"@type\":\"Organization\",\"@id\":\"https:\\\/\\\/www.pep06.fr\\\/ader\\\/#organization\",\"name\":\"PEP 06\",\"url\":\"https:\\\/\\\/www.pep06.fr\\\/ader\\\/\",\"logo\":{\"@type\":\"ImageObject\",\"inLanguage\":\"fr-FR\",\"@id\":\"https:\\\/\\\/www.pep06.fr\\\/ader\\\/#\\\/schema\\\/logo\\\/image\\\/\",\"url\":\"https:\\\/\\\/www.pep06.fr\\\/ader\\\/wp-content\\\/uploads\\\/sites\\\/3\\\/2015\\\/11\\\/Logo-PEP06.png\",\"contentUrl\":\"https:\\\/\\\/www.pep06.fr\\\/ader\\\/wp-content\\\/uploads\\\/sites\\\/3\\\/2015\\\/11\\\/Logo-PEP06.png\",\"width\":915,\"height\":915,\"caption\":\"PEP 06\"},\"image\":{\"@id\":\"https:\\\/\\\/www.pep06.fr\\\/ader\\\/#\\\/schema\\\/logo\\\/image\\\/\"},\"sameAs\":[\"https:\\\/\\\/www.facebook.com\\\/ADPEP06\"]}]}<\/script>\n<!-- \/ Yoast SEO plugin. -->","yoast_head_json":{"title":"Le SAAAS - IES Cl\u00e9ment Ader","description":"L\u2019institut d\u2019\u00e9ducation sensorielle Cl\u00e9ment Ader PEP06 accueille un public \u00e2g\u00e9 de 6 \u00e0 20 ans pr\u00e9sentant une d\u00e9ficience visuelle et\/ou auditive","robots":{"index":"index","follow":"follow","max-snippet":"max-snippet:-1","max-image-preview":"max-image-preview:large","max-video-preview":"max-video-preview:-1"},"canonical":"https:\/\/www.pep06.fr\/ader\/saaas\/","og_locale":"fr_FR","og_type":"article","og_title":"Le SAAAS - IES Cl\u00e9ment Ader","og_description":"L\u2019institut d\u2019\u00e9ducation sensorielle Cl\u00e9ment Ader PEP06 accueille un public \u00e2g\u00e9 de 6 \u00e0 20 ans pr\u00e9sentant une d\u00e9ficience visuelle et\/ou auditive","og_url":"https:\/\/www.pep06.fr\/ader\/saaas\/","og_site_name":"IES Cl\u00e9ment Ader","article_publisher":"https:\/\/www.facebook.com\/ADPEP06","twitter_card":"summary_large_image","twitter_misc":{"Dur\u00e9e de lecture estim\u00e9e":"1 minute"},"schema":{"@context":"https:\/\/schema.org","@graph":[{"@type":"WebPage","@id":"https:\/\/www.pep06.fr\/ader\/saaas\/","url":"https:\/\/www.pep06.fr\/ader\/saaas\/","name":"Le SAAAS - IES Cl\u00e9ment Ader","isPartOf":{"@id":"https:\/\/www.pep06.fr\/ader\/#website"},"datePublished":"2015-11-27T15:28:27+00:00","description":"L\u2019institut d\u2019\u00e9ducation sensorielle Cl\u00e9ment Ader PEP06 accueille un public \u00e2g\u00e9 de 6 \u00e0 20 ans pr\u00e9sentant une d\u00e9ficience visuelle et\/ou auditive","breadcrumb":{"@id":"https:\/\/www.pep06.fr\/ader\/saaas\/#breadcrumb"},"inLanguage":"fr-FR","potentialAction":[{"@type":"ReadAction","target":["https:\/\/www.pep06.fr\/ader\/saaas\/"]}]},{"@type":"BreadcrumbList","@id":"https:\/\/www.pep06.fr\/ader\/saaas\/#breadcrumb","itemListElement":[{"@type":"ListItem","position":1,"name":"Accueil","item":"https:\/\/www.pep06.fr\/ader\/"},{"@type":"ListItem","position":2,"name":"Le SAAAS"}]},{"@type":"WebSite","@id":"https:\/\/www.pep06.fr\/ader\/#website","url":"https:\/\/www.pep06.fr\/ader\/","name":"IES Cl\u00e9ment Ader","description":"Le site de l&#039;IES Cl\u00e9ment Ader des PEP 06","publisher":{"@id":"https:\/\/www.pep06.fr\/ader\/#organization"},"potentialAction":[{"@type":"SearchAction","target":{"@type":"EntryPoint","urlTemplate":"https:\/\/www.pep06.fr\/ader\/?s={search_term_string}"},"query-input":{"@type":"PropertyValueSpecification","valueRequired":true,"valueName":"search_term_string"}}],"inLanguage":"fr-FR"},{"@type":"Organization","@id":"https:\/\/www.pep06.fr\/ader\/#organization","name":"PEP 06","url":"https:\/\/www.pep06.fr\/ader\/","logo":{"@type":"ImageObject","inLanguage":"fr-FR","@id":"https:\/\/www.pep06.fr\/ader\/#\/schema\/logo\/image\/","url":"https:\/\/www.pep06.fr\/ader\/wp-content\/uploads\/sites\/3\/2015\/11\/Logo-PEP06.png","contentUrl":"https:\/\/www.pep06.fr\/ader\/wp-content\/uploads\/sites\/3\/2015\/11\/Logo-PEP06.png","width":915,"height":915,"caption":"PEP 06"},"image":{"@id":"https:\/\/www.pep06.fr\/ader\/#\/schema\/logo\/image\/"},"sameAs":["https:\/\/www.facebook.com\/ADPEP06"]}]}},"jetpack_sharing_enabled":true,"jetpack_shortlink":"https:\/\/wp.me\/P6ZrSJ-5I","_links":{"self":[{"href":"https:\/\/www.pep06.fr\/ader\/wp-json\/wp\/v2\/pages\/354","targetHints":{"allow":["GET"]}}],"collection":[{"href":"https:\/\/www.pep06.fr\/ader\/wp-json\/wp\/v2\/pages"}],"about":[{"href":"https:\/\/www.pep06.fr\/ader\/wp-json\/wp\/v2\/types\/page"}],"author":[{"embeddable":true,"href":"https:\/\/www.pep06.fr\/ader\/wp-json\/wp\/v2\/users\/1"}],"replies":[{"embeddable":true,"href":"https:\/\/www.pep06.fr\/ader\/wp-json\/wp\/v2\/comments?post=354"}],"version-history":[{"count":1,"href":"https:\/\/www.pep06.fr\/ader\/wp-json\/wp\/v2\/pages\/354\/revisions"}],"predecessor-version":[{"id":355,"href":"https:\/\/www.pep06.fr\/ader\/wp-json\/wp\/v2\/pages\/354\/revisions\/355"}],"wp:attachment":[{"href":"https:\/\/www.pep06.fr\/ader\/wp-json\/wp\/v2\/media?parent=354"}],"curies":[{"name":"wp","href":"https:\/\/api.w.org\/{rel}","templated":true}]}}