{"id":356,"date":"2015-11-27T16:28:59","date_gmt":"2015-11-27T15:28:59","guid":{"rendered":"http:\/\/www.pep06.fr\/ader\/?page_id=356"},"modified":"2015-11-27T16:28:59","modified_gmt":"2015-11-27T15:28:59","slug":"accueil-en-etablissement","status":"publish","type":"page","link":"https:\/\/www.pep06.fr\/ader\/accueil-en-etablissement\/","title":{"rendered":"L&rsquo;accueil en \u00e9tablissement"},"content":{"rendered":"<p>L&rsquo;IES Cl\u00e9ment Ader accueille, en semi-internat ou en internat, les b\u00e9n\u00e9ficiaires dont la d\u00e9ficience n\u00e9cessite le recours \u00e0 des moyens sp\u00e9cifiques importants en ce qui concerne le suivi m\u00e9dical, la compensation du handicap, l\u2019acquisition de connaissances scolaires, la formation professionnelle et l\u2019acc\u00e8s \u00e0 l\u2019autonomie sociale.<\/p>\n<p>Les professionnels\u00a0interviennent <em>intra<\/em>\u00a0ou <em>extra muros,<\/em> directement aupr\u00e8s des b\u00e9n\u00e9ficiaires. Parmi eux, l&rsquo;on trouve :<\/p>\n<ul>\n<li>Un professeur sp\u00e9cialis\u00e9 pour sourd (CAPEJS)<\/li>\n<li>Un professeur \u00ab de \u00bb et \u00ab en \u00bb <abbr title=\"Langue des Signes Fran\u00e7aise\">LSF<\/abbr><\/li>\n<li>Une interpr\u00e8te en <abbr title=\"Langue des Signes Fran\u00e7aise\">LSF<\/abbr><\/li>\n<li>Des \u00e9ducateurs (sportifs, techniques, sp\u00e9cialis\u00e9s)<\/li>\n<li>Des moniteurs \u00e9ducateurs<\/li>\n<li>Une conseill\u00e8re en \u00e9conomie sociale et familiale<\/li>\n<li>Des m\u00e9decins sp\u00e9cialis\u00e9s<\/li>\n<li>Des personnels param\u00e9dicaux (psychomotriciens, orthophonistes, orthoptistes&#8230;) selon la d\u00e9ficience<\/li>\n<li>Des psychologues<\/li>\n<li>Une r\u00e9\u00e9ducatrice pour l\u2019aide \u00e0 l\u2019activit\u00e9 de vie Journali\u00e8re (pour les b\u00e9n\u00e9ficiaires d\u00e9ficients visuels)<\/li>\n<li>Une instructrice en locomotion (pour les b\u00e9n\u00e9ficiaires d\u00e9ficients visuels)<\/li>\n<li>Une assistante sociale<\/li>\n<li>Des enseignants de l\u2019\u00c9ducation Nationale, poss\u00e9dant une\u00a0sp\u00e9cialisation en rapport avec la d\u00e9ficience des b\u00e9n\u00e9ficiaires<\/li>\n<\/ul>\n","protected":false},"excerpt":{"rendered":"<p>L&rsquo;IES Cl\u00e9ment Ader accueille, en semi-internat ou en internat, les b\u00e9n\u00e9ficiaires dont la d\u00e9ficience n\u00e9cessite le recours \u00e0 des moyens sp\u00e9cifiques importants en ce qui concerne le suivi m\u00e9dical, la compensation du handicap, l\u2019acquisition de connaissances scolaires, la formation professionnelle et l\u2019acc\u00e8s \u00e0 l\u2019autonomie sociale. Les professionnels\u00a0interviennent intra\u00a0ou extra muros, directement aupr\u00e8s des b\u00e9n\u00e9ficiaires. Parmi&#8230;<\/p>\n<p><a href=\"https:\/\/www.pep06.fr\/ader\/accueil-en-etablissement\/\"><span class=\"glyphicon glyphicon-arrow-right\"><\/span>&nbsp;Poursuivre la lecture<\/a><\/p>","protected":false},"author":1,"featured_media":0,"parent":0,"menu_order":0,"comment_status":"closed","ping_status":"closed","template":"page-no-breadcrumbs-full-width.php","meta":{"_uf_show_specific_survey":0,"_uf_disable_surveys":false,"jetpack_post_was_ever_published":false,"footnotes":""},"class_list":["post-356","page","type-page","status-publish","hentry"],"yoast_head":"<!-- This site is optimized with the Yoast SEO plugin v27.5 - https:\/\/yoast.com\/product\/yoast-seo-wordpress\/ -->\n<title>L&#039;accueil en \u00e9tablissement - IES Cl\u00e9ment Ader<\/title>\n<meta name=\"description\" content=\"L\u2019institut d\u2019\u00e9ducation sensorielle Cl\u00e9ment Ader PEP06 accueille un public \u00e2g\u00e9 de 6 \u00e0 20 ans pr\u00e9sentant une d\u00e9ficience visuelle et\/ou auditive\" \/>\n<meta name=\"robots\" content=\"index, follow, max-snippet:-1, max-image-preview:large, max-video-preview:-1\" \/>\n<link rel=\"canonical\" href=\"https:\/\/www.pep06.fr\/ader\/accueil-en-etablissement\/\" \/>\n<meta property=\"og:locale\" content=\"fr_FR\" \/>\n<meta property=\"og:type\" content=\"article\" \/>\n<meta property=\"og:title\" content=\"L&#039;accueil en \u00e9tablissement - IES Cl\u00e9ment Ader\" \/>\n<meta property=\"og:description\" content=\"L\u2019institut d\u2019\u00e9ducation sensorielle Cl\u00e9ment Ader PEP06 accueille un public \u00e2g\u00e9 de 6 \u00e0 20 ans pr\u00e9sentant une d\u00e9ficience visuelle et\/ou auditive\" \/>\n<meta property=\"og:url\" content=\"https:\/\/www.pep06.fr\/ader\/accueil-en-etablissement\/\" \/>\n<meta property=\"og:site_name\" content=\"IES Cl\u00e9ment Ader\" \/>\n<meta property=\"article:publisher\" content=\"https:\/\/www.facebook.com\/ADPEP06\" \/>\n<meta name=\"twitter:card\" content=\"summary_large_image\" \/>\n<meta name=\"twitter:label1\" content=\"Dur\u00e9e de lecture estim\u00e9e\" \/>\n\t<meta name=\"twitter:data1\" content=\"1 minute\" \/>\n<script type=\"application\/ld+json\" class=\"yoast-schema-graph\">{\"@context\":\"https:\\\/\\\/schema.org\",\"@graph\":[{\"@type\":\"WebPage\",\"@id\":\"https:\\\/\\\/www.pep06.fr\\\/ader\\\/accueil-en-etablissement\\\/\",\"url\":\"https:\\\/\\\/www.pep06.fr\\\/ader\\\/accueil-en-etablissement\\\/\",\"name\":\"L'accueil en \u00e9tablissement - IES Cl\u00e9ment Ader\",\"isPartOf\":{\"@id\":\"https:\\\/\\\/www.pep06.fr\\\/ader\\\/#website\"},\"datePublished\":\"2015-11-27T15:28:59+00:00\",\"description\":\"L\u2019institut d\u2019\u00e9ducation sensorielle Cl\u00e9ment Ader PEP06 accueille un public \u00e2g\u00e9 de 6 \u00e0 20 ans pr\u00e9sentant une d\u00e9ficience visuelle et\\\/ou auditive\",\"breadcrumb\":{\"@id\":\"https:\\\/\\\/www.pep06.fr\\\/ader\\\/accueil-en-etablissement\\\/#breadcrumb\"},\"inLanguage\":\"fr-FR\",\"potentialAction\":[{\"@type\":\"ReadAction\",\"target\":[\"https:\\\/\\\/www.pep06.fr\\\/ader\\\/accueil-en-etablissement\\\/\"]}]},{\"@type\":\"BreadcrumbList\",\"@id\":\"https:\\\/\\\/www.pep06.fr\\\/ader\\\/accueil-en-etablissement\\\/#breadcrumb\",\"itemListElement\":[{\"@type\":\"ListItem\",\"position\":1,\"name\":\"Accueil\",\"item\":\"https:\\\/\\\/www.pep06.fr\\\/ader\\\/\"},{\"@type\":\"ListItem\",\"position\":2,\"name\":\"L&rsquo;accueil en \u00e9tablissement\"}]},{\"@type\":\"WebSite\",\"@id\":\"https:\\\/\\\/www.pep06.fr\\\/ader\\\/#website\",\"url\":\"https:\\\/\\\/www.pep06.fr\\\/ader\\\/\",\"name\":\"IES Cl\u00e9ment Ader\",\"description\":\"Le site de l&#039;IES Cl\u00e9ment Ader des PEP 06\",\"publisher\":{\"@id\":\"https:\\\/\\\/www.pep06.fr\\\/ader\\\/#organization\"},\"potentialAction\":[{\"@type\":\"SearchAction\",\"target\":{\"@type\":\"EntryPoint\",\"urlTemplate\":\"https:\\\/\\\/www.pep06.fr\\\/ader\\\/?s={search_term_string}\"},\"query-input\":{\"@type\":\"PropertyValueSpecification\",\"valueRequired\":true,\"valueName\":\"search_term_string\"}}],\"inLanguage\":\"fr-FR\"},{\"@type\":\"Organization\",\"@id\":\"https:\\\/\\\/www.pep06.fr\\\/ader\\\/#organization\",\"name\":\"PEP 06\",\"url\":\"https:\\\/\\\/www.pep06.fr\\\/ader\\\/\",\"logo\":{\"@type\":\"ImageObject\",\"inLanguage\":\"fr-FR\",\"@id\":\"https:\\\/\\\/www.pep06.fr\\\/ader\\\/#\\\/schema\\\/logo\\\/image\\\/\",\"url\":\"https:\\\/\\\/www.pep06.fr\\\/ader\\\/wp-content\\\/uploads\\\/sites\\\/3\\\/2015\\\/11\\\/Logo-PEP06.png\",\"contentUrl\":\"https:\\\/\\\/www.pep06.fr\\\/ader\\\/wp-content\\\/uploads\\\/sites\\\/3\\\/2015\\\/11\\\/Logo-PEP06.png\",\"width\":915,\"height\":915,\"caption\":\"PEP 06\"},\"image\":{\"@id\":\"https:\\\/\\\/www.pep06.fr\\\/ader\\\/#\\\/schema\\\/logo\\\/image\\\/\"},\"sameAs\":[\"https:\\\/\\\/www.facebook.com\\\/ADPEP06\"]}]}<\/script>\n<!-- \/ Yoast SEO plugin. -->","yoast_head_json":{"title":"L'accueil en \u00e9tablissement - IES Cl\u00e9ment Ader","description":"L\u2019institut d\u2019\u00e9ducation sensorielle Cl\u00e9ment Ader PEP06 accueille un public \u00e2g\u00e9 de 6 \u00e0 20 ans pr\u00e9sentant une d\u00e9ficience visuelle et\/ou auditive","robots":{"index":"index","follow":"follow","max-snippet":"max-snippet:-1","max-image-preview":"max-image-preview:large","max-video-preview":"max-video-preview:-1"},"canonical":"https:\/\/www.pep06.fr\/ader\/accueil-en-etablissement\/","og_locale":"fr_FR","og_type":"article","og_title":"L'accueil en \u00e9tablissement - IES Cl\u00e9ment Ader","og_description":"L\u2019institut d\u2019\u00e9ducation sensorielle Cl\u00e9ment Ader PEP06 accueille un public \u00e2g\u00e9 de 6 \u00e0 20 ans pr\u00e9sentant une d\u00e9ficience visuelle et\/ou auditive","og_url":"https:\/\/www.pep06.fr\/ader\/accueil-en-etablissement\/","og_site_name":"IES Cl\u00e9ment Ader","article_publisher":"https:\/\/www.facebook.com\/ADPEP06","twitter_card":"summary_large_image","twitter_misc":{"Dur\u00e9e de lecture estim\u00e9e":"1 minute"},"schema":{"@context":"https:\/\/schema.org","@graph":[{"@type":"WebPage","@id":"https:\/\/www.pep06.fr\/ader\/accueil-en-etablissement\/","url":"https:\/\/www.pep06.fr\/ader\/accueil-en-etablissement\/","name":"L'accueil en \u00e9tablissement - IES Cl\u00e9ment Ader","isPartOf":{"@id":"https:\/\/www.pep06.fr\/ader\/#website"},"datePublished":"2015-11-27T15:28:59+00:00","description":"L\u2019institut d\u2019\u00e9ducation sensorielle Cl\u00e9ment Ader PEP06 accueille un public \u00e2g\u00e9 de 6 \u00e0 20 ans pr\u00e9sentant une d\u00e9ficience visuelle et\/ou auditive","breadcrumb":{"@id":"https:\/\/www.pep06.fr\/ader\/accueil-en-etablissement\/#breadcrumb"},"inLanguage":"fr-FR","potentialAction":[{"@type":"ReadAction","target":["https:\/\/www.pep06.fr\/ader\/accueil-en-etablissement\/"]}]},{"@type":"BreadcrumbList","@id":"https:\/\/www.pep06.fr\/ader\/accueil-en-etablissement\/#breadcrumb","itemListElement":[{"@type":"ListItem","position":1,"name":"Accueil","item":"https:\/\/www.pep06.fr\/ader\/"},{"@type":"ListItem","position":2,"name":"L&rsquo;accueil en \u00e9tablissement"}]},{"@type":"WebSite","@id":"https:\/\/www.pep06.fr\/ader\/#website","url":"https:\/\/www.pep06.fr\/ader\/","name":"IES Cl\u00e9ment Ader","description":"Le site de l&#039;IES Cl\u00e9ment Ader des PEP 06","publisher":{"@id":"https:\/\/www.pep06.fr\/ader\/#organization"},"potentialAction":[{"@type":"SearchAction","target":{"@type":"EntryPoint","urlTemplate":"https:\/\/www.pep06.fr\/ader\/?s={search_term_string}"},"query-input":{"@type":"PropertyValueSpecification","valueRequired":true,"valueName":"search_term_string"}}],"inLanguage":"fr-FR"},{"@type":"Organization","@id":"https:\/\/www.pep06.fr\/ader\/#organization","name":"PEP 06","url":"https:\/\/www.pep06.fr\/ader\/","logo":{"@type":"ImageObject","inLanguage":"fr-FR","@id":"https:\/\/www.pep06.fr\/ader\/#\/schema\/logo\/image\/","url":"https:\/\/www.pep06.fr\/ader\/wp-content\/uploads\/sites\/3\/2015\/11\/Logo-PEP06.png","contentUrl":"https:\/\/www.pep06.fr\/ader\/wp-content\/uploads\/sites\/3\/2015\/11\/Logo-PEP06.png","width":915,"height":915,"caption":"PEP 06"},"image":{"@id":"https:\/\/www.pep06.fr\/ader\/#\/schema\/logo\/image\/"},"sameAs":["https:\/\/www.facebook.com\/ADPEP06"]}]}},"jetpack_sharing_enabled":true,"jetpack_shortlink":"https:\/\/wp.me\/P6ZrSJ-5K","_links":{"self":[{"href":"https:\/\/www.pep06.fr\/ader\/wp-json\/wp\/v2\/pages\/356","targetHints":{"allow":["GET"]}}],"collection":[{"href":"https:\/\/www.pep06.fr\/ader\/wp-json\/wp\/v2\/pages"}],"about":[{"href":"https:\/\/www.pep06.fr\/ader\/wp-json\/wp\/v2\/types\/page"}],"author":[{"embeddable":true,"href":"https:\/\/www.pep06.fr\/ader\/wp-json\/wp\/v2\/users\/1"}],"replies":[{"embeddable":true,"href":"https:\/\/www.pep06.fr\/ader\/wp-json\/wp\/v2\/comments?post=356"}],"version-history":[{"count":1,"href":"https:\/\/www.pep06.fr\/ader\/wp-json\/wp\/v2\/pages\/356\/revisions"}],"predecessor-version":[{"id":357,"href":"https:\/\/www.pep06.fr\/ader\/wp-json\/wp\/v2\/pages\/356\/revisions\/357"}],"wp:attachment":[{"href":"https:\/\/www.pep06.fr\/ader\/wp-json\/wp\/v2\/media?parent=356"}],"curies":[{"name":"wp","href":"https:\/\/api.w.org\/{rel}","templated":true}]}}