{"id":2,"date":"2015-11-30T10:07:52","date_gmt":"2015-11-30T09:07:52","guid":{"rendered":"http:\/\/www.pep06.fr\/beuil\/?page_id=2"},"modified":"2018-04-16T12:50:10","modified_gmt":"2018-04-16T11:50:10","slug":"centre-de-montagne","status":"publish","type":"page","link":"https:\/\/www.pep06.fr\/beuil\/","title":{"rendered":"Le centre de montagne de Beuil"},"content":{"rendered":"<div id=\"attachment_14\" style=\"width: 433px\" class=\"wp-caption alignright\"><a href=\"https:\/\/www.pep06.fr\/beuil\/wp-content\/uploads\/sites\/5\/2015\/11\/beuil-diaporama.gif\"><img loading=\"lazy\" decoding=\"async\" aria-describedby=\"caption-attachment-14\" data-attachment-id=\"14\" data-permalink=\"https:\/\/www.pep06.fr\/beuil\/centre-de-montagne\/beuil-diaporama\/#main\" data-orig-file=\"https:\/\/www.pep06.fr\/beuil\/wp-content\/uploads\/sites\/5\/2015\/11\/beuil-diaporama.gif\" data-orig-size=\"423,277\" data-comments-opened=\"1\" data-image-meta=\"{&quot;aperture&quot;:&quot;0&quot;,&quot;credit&quot;:&quot;&quot;,&quot;camera&quot;:&quot;&quot;,&quot;caption&quot;:&quot;&quot;,&quot;created_timestamp&quot;:&quot;0&quot;,&quot;copyright&quot;:&quot;&quot;,&quot;focal_length&quot;:&quot;0&quot;,&quot;iso&quot;:&quot;0&quot;,&quot;shutter_speed&quot;:&quot;0&quot;,&quot;title&quot;:&quot;&quot;,&quot;orientation&quot;:&quot;0&quot;}\" data-image-title=\"Diaporama du centre de montagne de Beuil\" data-image-description=\"&lt;p&gt;Diaporama du centre de montagne de Beuil&lt;\/p&gt;\n\" data-image-caption=\"&lt;p&gt;Diaporama du centre de montagne de Beuil&lt;\/p&gt;\n\" data-large-file=\"https:\/\/www.pep06.fr\/beuil\/wp-content\/uploads\/sites\/5\/2015\/11\/beuil-diaporama.gif\" class=\"wp-image-14 size-full\" src=\"https:\/\/www.pep06.fr\/beuil\/wp-content\/uploads\/sites\/5\/2015\/11\/beuil-diaporama.gif\" alt=\"Diaporama du centre de montagne de Beuil\" width=\"423\" height=\"277\" \/><\/a><p id=\"caption-attachment-14\" class=\"wp-caption-text\">Bienvenue au centre de montagne de Beuil !<\/p><\/div>\n<blockquote><p>En route pour une nouvelle ann\u00e9e scolaire, la t\u00eate remplie de souvenirs de tes derni\u00e8res vacances\u00a0! Tu as envie de vivre l\u2019aventure avec tes camarades\u00a0? tes copains\u00a0? de d\u00e9couvrir de nouvelles activit\u00e9s\u00a0? Le centre de montagne des PEP 06 \u00e0 Beuil est l\u00e0 pour t\u2019accueillir\u00a0!<\/p>\n<p>Il a choisi pour toi des activit\u00e9s artistiques et manuelles, des activit\u00e9s sportives et de plein air, des activit\u00e9s environnementales et p\u00e9dagogiques comme la randonn\u00e9e, l\u2019escalade, la construction de cabanes et d\u2019igloos, des jeux de raquettes, la course d\u2019orientation, la d\u00e9couverte du milieu naturel et humain sans oublier les incontournables s\u00e9jours ski.<\/p>\n<p>Le Directeur du centre, les animateurs et les moniteurs dipl\u00f4m\u00e9s d\u2019\u00c9tat t\u2019accompagneront lors de tes sorties. L\u2019ensemble du personnel du centre \u0153uvrera \u00e0 la qualit\u00e9 de ton accueil.<\/p><\/blockquote>\n<p><div class=\"responsive-tabs\">\n<h2 class=\"tabtitle\">Mission<\/h2>\n<div class=\"tabcontent\">\n<br \/>\nNich\u00e9s au c\u0153ur d&rsquo;une for\u00eat de m\u00e9l\u00e8zes, le centre de montagne des PEP 06 propose toute une gamme d&rsquo;activit\u00e9s et de services qui font la joie depuis toujours des enfants, des parents et des professionnels. Situ\u00e9s \u00e0 Beuil dans le haut pays, nous proposons deux types de s\u00e9jours :<\/p>\n<p><a href=\"https:\/\/www.pep06.fr\/beuil\/wp-content\/uploads\/sites\/5\/2015\/11\/ski.jpg\"><img loading=\"lazy\" decoding=\"async\" data-attachment-id=\"33\" data-permalink=\"https:\/\/www.pep06.fr\/beuil\/documents\/ski\/#main\" data-orig-file=\"https:\/\/www.pep06.fr\/beuil\/wp-content\/uploads\/sites\/5\/2015\/11\/ski.jpg\" data-orig-size=\"640,480\" data-comments-opened=\"1\" data-image-meta=\"{&quot;aperture&quot;:&quot;0&quot;,&quot;credit&quot;:&quot;&quot;,&quot;camera&quot;:&quot;&quot;,&quot;caption&quot;:&quot;&quot;,&quot;created_timestamp&quot;:&quot;0&quot;,&quot;copyright&quot;:&quot;&quot;,&quot;focal_length&quot;:&quot;0&quot;,&quot;iso&quot;:&quot;0&quot;,&quot;shutter_speed&quot;:&quot;0&quot;,&quot;title&quot;:&quot;&quot;,&quot;orientation&quot;:&quot;0&quot;}\" data-image-title=\"Ski \u00e0 Beuil\" data-image-description=\"&lt;p&gt;Ski \u00e0 Beuil&lt;\/p&gt;\n\" data-image-caption=\"&lt;p&gt;Ski \u00e0 Beuil&lt;\/p&gt;\n\" data-large-file=\"https:\/\/www.pep06.fr\/beuil\/wp-content\/uploads\/sites\/5\/2015\/11\/ski.jpg\" class=\"alignleft wp-image-33 size-medium\" src=\"https:\/\/www.pep06.fr\/beuil\/wp-content\/uploads\/sites\/5\/2015\/11\/ski-300x225.jpg\" alt=\"Ski \u00e0 Beuil\" width=\"300\" height=\"225\" srcset=\"https:\/\/www.pep06.fr\/beuil\/wp-content\/uploads\/sites\/5\/2015\/11\/ski-300x225.jpg 300w, https:\/\/www.pep06.fr\/beuil\/wp-content\/uploads\/sites\/5\/2015\/11\/ski.jpg 640w\" sizes=\"auto, (max-width: 300px) 100vw, 300px\" \/><\/a><\/p>\n<h3>En classe d&rsquo;environnement<\/h3>\n<p>Des classes de d\u00e9couvertes ou de neige pour les \u00e9coles et coll\u00e8ges du d\u00e9partement des Alpes-Maritimes. Les s\u00e9jours sont ouverts \u00e0 toutes les classes de l&rsquo;enseignement \u00e9l\u00e9mentaire, aux sections de grands de maternelle\u00a0ainsi qu&rsquo;aux coll\u00e9giens\u00a0et aux jeunes enfants et adolescents en situation de handicap.<\/p>\n<h3>En centre de vacances<\/h3>\n<p>Nous accueillons des enfants \u00e2g\u00e9s de 6 \u00e0 12 ans pour les s\u00e9jours de No\u00ebl, hiver et P\u00e2ques, et des enfants \u00e2g\u00e9s de 6 \u00e0 14 ans pour les s\u00e9jours d\u2019\u00e9t\u00e9.<\/p>\n<p>\n<\/div><h2 class=\"tabtitle\">O\u00f9 sommes-nous situ\u00e9s ?<\/h2>\n<div class=\"tabcontent\">\n<br \/>\nLe centre de montagne\u00a0des PEP\u00a006 est\u00a0situ\u00e9 sur une colline, \u00e0 1600 m\u00e8tres d&rsquo;altitude.\u00a0Nous sommes \u00e0 la limite du Parc National du Mercantour, \u00e0 mi-chemin entre le village de Beuil les Launes et la station de ski de Valberg. Le centre se trouve dans une propri\u00e9t\u00e9 de 5 hectares, \u00e0 l&rsquo;\u00e9cart de toute circulation automobile. Pour s&rsquo;y rendre, diff\u00e9rentes possibilit\u00e9s :<\/p>\n<ul>\n<li><strong>Par avion<\/strong>\u00a0: A\u00e9roport international de Nice \u2013 C\u00f4te d\u2019Azur Tel\u00a0: 0820 42 33 33\u00a0ou <a href=\"http:\/\/nice.aeroport.fr\" target=\"_blank\" rel=\"noopener\">nice.aeroport.fr<\/a><\/li>\n<\/ul>\n<ul>\n<li><strong>Par train<\/strong>\u00a0: Gare SNCF nice avenue Thiers T\u00e9l\u00a0: 08.36.35.35.35 ou <a href=\"http:\/\/voyages-sncf.com\" target=\"_blank\" rel=\"noopener\">voyages-sncf.com<\/a><\/li>\n<\/ul>\n<ul>\n<li><strong>Par la route<\/strong>\u00a0: Le centre se situe dans le haut pays, \u00e0 84 km de Nice.<\/li>\n<\/ul>\n<ul>\n<li><strong>Par l&rsquo;autoroute A8\u00a0la Proven\u00e7ale<\/strong> : Sortie Nice St Isidore.\u00a0Prendre la RN 202 direction Digne puis Tou\u00ebt sur Var, route D 28 par les gorges du Cians ou D 2202 par les gorges de Daluis et Guillaume.<\/li>\n<\/ul>\n<p style=\"text-align: center;\"><iframe loading=\"lazy\" style=\"border: 0;\" src=\"https:\/\/www.google.com\/maps\/embed?pb=!1m14!1m8!1m3!1d183421.58511637693!2d6.946793!3d44.084133!3m2!1i1024!2i768!4f13.1!3m3!1m2!1s0x12cc504a423dabf1%3A0x173d75f713c8c702!2sPEP!5e0!3m2!1sfr!2sfr!4v1448542100201\" width=\"600\" height=\"450\" frameborder=\"0\" allowfullscreen=\"allowfullscreen\"><\/iframe><\/p>\n<\/div><\/div>\n","protected":false},"excerpt":{"rendered":"<p>En route pour une nouvelle ann\u00e9e scolaire, la t\u00eate remplie de souvenirs de tes derni\u00e8res vacances\u00a0! Tu as envie de vivre l\u2019aventure avec tes camarades\u00a0? tes copains\u00a0? de d\u00e9couvrir de nouvelles activit\u00e9s\u00a0? Le centre de montagne des PEP 06 \u00e0 Beuil est l\u00e0 pour t\u2019accueillir\u00a0! Il a choisi pour toi des activit\u00e9s artistiques et manuelles,&#8230;<\/p>\n<p><a href=\"https:\/\/www.pep06.fr\/beuil\/\"><span class=\"glyphicon glyphicon-arrow-right\"><\/span>&nbsp;Poursuivre la lecture<\/a><\/p>","protected":false},"author":1,"featured_media":0,"parent":0,"menu_order":0,"comment_status":"closed","ping_status":"open","template":"page-no-breadcrumbs-full-width.php","meta":{"_uf_show_specific_survey":0,"_uf_disable_surveys":false,"jetpack_post_was_ever_published":false,"footnotes":""},"class_list":["post-2","page","type-page","status-publish","hentry"],"yoast_head":"<!-- This site is optimized with the Yoast SEO plugin v27.5 - https:\/\/yoast.com\/product\/yoast-seo-wordpress\/ -->\n<title>Centre de Montagne - PEP06<\/title>\n<meta name=\"description\" content=\"Le centre de montagne des PEP06 propose des classes de d\u00e9couverte ou de neige et des s\u00e9jours de vacances pour des jeunes de 6 \u00e0 14 ans.\" \/>\n<meta name=\"robots\" content=\"index, follow, max-snippet:-1, max-image-preview:large, max-video-preview:-1\" \/>\n<link rel=\"canonical\" href=\"https:\/\/www.pep06.fr\/beuil\/\" \/>\n<meta property=\"og:locale\" content=\"fr_FR\" \/>\n<meta property=\"og:type\" content=\"article\" \/>\n<meta property=\"og:title\" content=\"Centre de Montagne - PEP06\" \/>\n<meta property=\"og:description\" content=\"Le centre de montagne des PEP06 propose des classes de d\u00e9couverte ou de neige et des s\u00e9jours de vacances pour des jeunes de 6 \u00e0 14 ans.\" \/>\n<meta property=\"og:url\" content=\"https:\/\/www.pep06.fr\/beuil\/\" \/>\n<meta property=\"og:site_name\" content=\"Centre de montagne\" \/>\n<meta property=\"article:publisher\" content=\"https:\/\/www.facebook.com\/ADPEP06\" \/>\n<meta property=\"article:modified_time\" content=\"2018-04-16T11:50:10+00:00\" \/>\n<meta property=\"og:image\" content=\"https:\/\/www.pep06.fr\/beuil\/wp-content\/uploads\/sites\/5\/2015\/11\/beuil-diaporama.gif\" \/>\n<meta name=\"twitter:card\" content=\"summary_large_image\" \/>\n<meta name=\"twitter:label1\" content=\"Dur\u00e9e de lecture estim\u00e9e\" \/>\n\t<meta name=\"twitter:data1\" content=\"2 minutes\" \/>\n<script type=\"application\/ld+json\" class=\"yoast-schema-graph\">{\"@context\":\"https:\\\/\\\/schema.org\",\"@graph\":[{\"@type\":\"WebPage\",\"@id\":\"https:\\\/\\\/www.pep06.fr\\\/beuil\\\/\",\"url\":\"https:\\\/\\\/www.pep06.fr\\\/beuil\\\/\",\"name\":\"Centre de Montagne - PEP06\",\"isPartOf\":{\"@id\":\"https:\\\/\\\/www.pep06.fr\\\/beuil\\\/#website\"},\"primaryImageOfPage\":{\"@id\":\"https:\\\/\\\/www.pep06.fr\\\/beuil\\\/#primaryimage\"},\"image\":{\"@id\":\"https:\\\/\\\/www.pep06.fr\\\/beuil\\\/#primaryimage\"},\"thumbnailUrl\":\"https:\\\/\\\/www.pep06.fr\\\/beuil\\\/wp-content\\\/uploads\\\/sites\\\/5\\\/2015\\\/11\\\/beuil-diaporama.gif\",\"datePublished\":\"2015-11-30T09:07:52+00:00\",\"dateModified\":\"2018-04-16T11:50:10+00:00\",\"description\":\"Le centre de montagne des PEP06 propose des classes de d\u00e9couverte ou de neige et des s\u00e9jours de vacances pour des jeunes de 6 \u00e0 14 ans.\",\"breadcrumb\":{\"@id\":\"https:\\\/\\\/www.pep06.fr\\\/beuil\\\/#breadcrumb\"},\"inLanguage\":\"fr-FR\",\"potentialAction\":[{\"@type\":\"ReadAction\",\"target\":[\"https:\\\/\\\/www.pep06.fr\\\/beuil\\\/\"]}]},{\"@type\":\"ImageObject\",\"inLanguage\":\"fr-FR\",\"@id\":\"https:\\\/\\\/www.pep06.fr\\\/beuil\\\/#primaryimage\",\"url\":\"https:\\\/\\\/www.pep06.fr\\\/beuil\\\/wp-content\\\/uploads\\\/sites\\\/5\\\/2015\\\/11\\\/beuil-diaporama.gif\",\"contentUrl\":\"https:\\\/\\\/www.pep06.fr\\\/beuil\\\/wp-content\\\/uploads\\\/sites\\\/5\\\/2015\\\/11\\\/beuil-diaporama.gif\",\"width\":423,\"height\":277,\"caption\":\"Diaporama du centre de montagne de Beuil\"},{\"@type\":\"BreadcrumbList\",\"@id\":\"https:\\\/\\\/www.pep06.fr\\\/beuil\\\/#breadcrumb\",\"itemListElement\":[{\"@type\":\"ListItem\",\"position\":1,\"name\":\"Accueil\",\"item\":\"https:\\\/\\\/www.pep06.fr\\\/beuil\\\/\"},{\"@type\":\"ListItem\",\"position\":2,\"name\":\"Le centre de montagne de Beuil\"}]},{\"@type\":\"WebSite\",\"@id\":\"https:\\\/\\\/www.pep06.fr\\\/beuil\\\/#website\",\"url\":\"https:\\\/\\\/www.pep06.fr\\\/beuil\\\/\",\"name\":\"Centre de montagne\",\"description\":\"Le site du centre de montagne des PEP 06\",\"publisher\":{\"@id\":\"https:\\\/\\\/www.pep06.fr\\\/beuil\\\/#organization\"},\"potentialAction\":[{\"@type\":\"SearchAction\",\"target\":{\"@type\":\"EntryPoint\",\"urlTemplate\":\"https:\\\/\\\/www.pep06.fr\\\/beuil\\\/?s={search_term_string}\"},\"query-input\":{\"@type\":\"PropertyValueSpecification\",\"valueRequired\":true,\"valueName\":\"search_term_string\"}}],\"inLanguage\":\"fr-FR\"},{\"@type\":\"Organization\",\"@id\":\"https:\\\/\\\/www.pep06.fr\\\/beuil\\\/#organization\",\"name\":\"PEP 06\",\"url\":\"https:\\\/\\\/www.pep06.fr\\\/beuil\\\/\",\"logo\":{\"@type\":\"ImageObject\",\"inLanguage\":\"fr-FR\",\"@id\":\"https:\\\/\\\/www.pep06.fr\\\/beuil\\\/#\\\/schema\\\/logo\\\/image\\\/\",\"url\":\"https:\\\/\\\/www.pep06.fr\\\/beuil\\\/wp-content\\\/uploads\\\/sites\\\/5\\\/2015\\\/11\\\/Logo-PEP06.png\",\"contentUrl\":\"https:\\\/\\\/www.pep06.fr\\\/beuil\\\/wp-content\\\/uploads\\\/sites\\\/5\\\/2015\\\/11\\\/Logo-PEP06.png\",\"width\":915,\"height\":915,\"caption\":\"PEP 06\"},\"image\":{\"@id\":\"https:\\\/\\\/www.pep06.fr\\\/beuil\\\/#\\\/schema\\\/logo\\\/image\\\/\"},\"sameAs\":[\"https:\\\/\\\/www.facebook.com\\\/ADPEP06\"]}]}<\/script>\n<!-- \/ Yoast SEO plugin. -->","yoast_head_json":{"title":"Centre de Montagne - PEP06","description":"Le centre de montagne des PEP06 propose des classes de d\u00e9couverte ou de neige et des s\u00e9jours de vacances pour des jeunes de 6 \u00e0 14 ans.","robots":{"index":"index","follow":"follow","max-snippet":"max-snippet:-1","max-image-preview":"max-image-preview:large","max-video-preview":"max-video-preview:-1"},"canonical":"https:\/\/www.pep06.fr\/beuil\/","og_locale":"fr_FR","og_type":"article","og_title":"Centre de Montagne - PEP06","og_description":"Le centre de montagne des PEP06 propose des classes de d\u00e9couverte ou de neige et des s\u00e9jours de vacances pour des jeunes de 6 \u00e0 14 ans.","og_url":"https:\/\/www.pep06.fr\/beuil\/","og_site_name":"Centre de montagne","article_publisher":"https:\/\/www.facebook.com\/ADPEP06","article_modified_time":"2018-04-16T11:50:10+00:00","og_image":[{"url":"https:\/\/www.pep06.fr\/beuil\/wp-content\/uploads\/sites\/5\/2015\/11\/beuil-diaporama.gif","type":"","width":"","height":""}],"twitter_card":"summary_large_image","twitter_misc":{"Dur\u00e9e de lecture estim\u00e9e":"2 minutes"},"schema":{"@context":"https:\/\/schema.org","@graph":[{"@type":"WebPage","@id":"https:\/\/www.pep06.fr\/beuil\/","url":"https:\/\/www.pep06.fr\/beuil\/","name":"Centre de Montagne - PEP06","isPartOf":{"@id":"https:\/\/www.pep06.fr\/beuil\/#website"},"primaryImageOfPage":{"@id":"https:\/\/www.pep06.fr\/beuil\/#primaryimage"},"image":{"@id":"https:\/\/www.pep06.fr\/beuil\/#primaryimage"},"thumbnailUrl":"https:\/\/www.pep06.fr\/beuil\/wp-content\/uploads\/sites\/5\/2015\/11\/beuil-diaporama.gif","datePublished":"2015-11-30T09:07:52+00:00","dateModified":"2018-04-16T11:50:10+00:00","description":"Le centre de montagne des PEP06 propose des classes de d\u00e9couverte ou de neige et des s\u00e9jours de vacances pour des jeunes de 6 \u00e0 14 ans.","breadcrumb":{"@id":"https:\/\/www.pep06.fr\/beuil\/#breadcrumb"},"inLanguage":"fr-FR","potentialAction":[{"@type":"ReadAction","target":["https:\/\/www.pep06.fr\/beuil\/"]}]},{"@type":"ImageObject","inLanguage":"fr-FR","@id":"https:\/\/www.pep06.fr\/beuil\/#primaryimage","url":"https:\/\/www.pep06.fr\/beuil\/wp-content\/uploads\/sites\/5\/2015\/11\/beuil-diaporama.gif","contentUrl":"https:\/\/www.pep06.fr\/beuil\/wp-content\/uploads\/sites\/5\/2015\/11\/beuil-diaporama.gif","width":423,"height":277,"caption":"Diaporama du centre de montagne de Beuil"},{"@type":"BreadcrumbList","@id":"https:\/\/www.pep06.fr\/beuil\/#breadcrumb","itemListElement":[{"@type":"ListItem","position":1,"name":"Accueil","item":"https:\/\/www.pep06.fr\/beuil\/"},{"@type":"ListItem","position":2,"name":"Le centre de montagne de Beuil"}]},{"@type":"WebSite","@id":"https:\/\/www.pep06.fr\/beuil\/#website","url":"https:\/\/www.pep06.fr\/beuil\/","name":"Centre de montagne","description":"Le site du centre de montagne des PEP 06","publisher":{"@id":"https:\/\/www.pep06.fr\/beuil\/#organization"},"potentialAction":[{"@type":"SearchAction","target":{"@type":"EntryPoint","urlTemplate":"https:\/\/www.pep06.fr\/beuil\/?s={search_term_string}"},"query-input":{"@type":"PropertyValueSpecification","valueRequired":true,"valueName":"search_term_string"}}],"inLanguage":"fr-FR"},{"@type":"Organization","@id":"https:\/\/www.pep06.fr\/beuil\/#organization","name":"PEP 06","url":"https:\/\/www.pep06.fr\/beuil\/","logo":{"@type":"ImageObject","inLanguage":"fr-FR","@id":"https:\/\/www.pep06.fr\/beuil\/#\/schema\/logo\/image\/","url":"https:\/\/www.pep06.fr\/beuil\/wp-content\/uploads\/sites\/5\/2015\/11\/Logo-PEP06.png","contentUrl":"https:\/\/www.pep06.fr\/beuil\/wp-content\/uploads\/sites\/5\/2015\/11\/Logo-PEP06.png","width":915,"height":915,"caption":"PEP 06"},"image":{"@id":"https:\/\/www.pep06.fr\/beuil\/#\/schema\/logo\/image\/"},"sameAs":["https:\/\/www.facebook.com\/ADPEP06"]}]}},"jetpack_sharing_enabled":true,"jetpack_shortlink":"https:\/\/wp.me\/P6ZWDh-2","_links":{"self":[{"href":"https:\/\/www.pep06.fr\/beuil\/wp-json\/wp\/v2\/pages\/2","targetHints":{"allow":["GET"]}}],"collection":[{"href":"https:\/\/www.pep06.fr\/beuil\/wp-json\/wp\/v2\/pages"}],"about":[{"href":"https:\/\/www.pep06.fr\/beuil\/wp-json\/wp\/v2\/types\/page"}],"author":[{"embeddable":true,"href":"https:\/\/www.pep06.fr\/beuil\/wp-json\/wp\/v2\/users\/1"}],"replies":[{"embeddable":true,"href":"https:\/\/www.pep06.fr\/beuil\/wp-json\/wp\/v2\/comments?post=2"}],"version-history":[{"count":9,"href":"https:\/\/www.pep06.fr\/beuil\/wp-json\/wp\/v2\/pages\/2\/revisions"}],"predecessor-version":[{"id":201,"href":"https:\/\/www.pep06.fr\/beuil\/wp-json\/wp\/v2\/pages\/2\/revisions\/201"}],"wp:attachment":[{"href":"https:\/\/www.pep06.fr\/beuil\/wp-json\/wp\/v2\/media?parent=2"}],"curies":[{"name":"wp","href":"https:\/\/api.w.org\/{rel}","templated":true}]}}