{"id":223,"date":"2015-11-27T16:22:09","date_gmt":"2015-11-27T15:22:09","guid":{"rendered":"http:\/\/www.pep06.fr\/rossetti\/?page_id=223"},"modified":"2015-12-02T14:51:28","modified_gmt":"2015-12-02T13:51:28","slug":"service-medical","status":"publish","type":"page","link":"https:\/\/www.pep06.fr\/rossetti\/service-medical\/","title":{"rendered":"Le service m\u00e9dical"},"content":{"rendered":"<h2>Suivi m\u00e9dical<\/h2>\n<p>Le service m\u00e9dical de l&rsquo;IEM Rossetti\u00a0assure le suivi de la sant\u00e9 de la personne accueillie pour ce qui concerne le handicap moteur et les handicaps associ\u00e9s.\u00a0Il dispose des personnels suivants :<\/p>\n<ul>\n<li>1 m\u00e9decin sp\u00e9cialiste de m\u00e9decine physique en r\u00e9\u00e9ducation et r\u00e9adaptation fonctionnelles<\/li>\n<li>1 m\u00e9decin p\u00e9diatre<\/li>\n<li>1 m\u00e9decin p\u00e9dopsychiatre<\/li>\n<li>1 infirmi\u00e8re<\/li>\n<\/ul>\n<p>En cas de n\u00e9cessit\u00e9, et\u00a0dans l\u2019attente des services d\u2019urgence (Pompiers, SAMU), nous prodiguons les premiers soins.<\/p>\n<p>Nous proposons une information et un accompagnement du b\u00e9n\u00e9ficiaire et de sa famille dans la connaissance de son histoire m\u00e9dicale ainsi que dans celle de la d\u00e9ficience et de ses effets.\u00a0Lors des hospitalisations, nous proposons la pr\u00e9paration psychologique aux interventions chirurgicales. Dans certains cas un suivi psychologique est \u00e9galement sugg\u00e9r\u00e9 en p\u00e9riode post op\u00e9ratoire.<\/p>\n<h2>Soins et r\u00e9\u00e9ducations \u00e0 l&rsquo;int\u00e9rieur de l\u2019Institut<\/h2>\n<p>En ce qui concerne les Soins et r\u00e9\u00e9ducations n\u00e9cessit\u00e9s par la d\u00e9ficience, l&rsquo;institut propose:<\/p>\n<ul>\n<li>Les soins et r\u00e9\u00e9ducations sp\u00e9cifiques en kin\u00e9sith\u00e9rapie, orthophonie, orthoptie, psychomotricit\u00e9 et ergoth\u00e9rapie ;<\/li>\n<li>Les consultations de chirurgie orthop\u00e9dique ;<\/li>\n<li>La prescription de traitements pour tout ce qui concerne les cons\u00e9quences de la d\u00e9ficience,<\/li>\n<li>La prescription et la participation \u00e0 la r\u00e9alisation d\u2019orth\u00e8ses, de coques de maintien, de semelles orthop\u00e9diques\u2026 ;<\/li>\n<li>La distribution des m\u00e9dicaments par un personnel habilit\u00e9, les m\u00e9dicaments \u00e9tant conserv\u00e9s dans un endroit ferm\u00e9 \u00e0 cl\u00e9 ;<\/li>\n<li>Le suivi des usagers lors des hospitalisations.<\/li>\n<\/ul>\n<p>Sur les indications et sous le contr\u00f4le des m\u00e9decins, le cabinet m\u00e9dical assure le suivi des dossiers m\u00e9dicaux, ainsi que le lien avec le m\u00e9decin de famille, la prise de rendez-vous et le suivi des vaccinations.<\/p>\n<p>Les <strong>actes de vie quotidienne<\/strong> sont souvent un obstacle important \u00e0 l\u2019autonomie des personnes en situation de handicap. Nous travaillons l\u2019ind\u00e9pendance \u00e0 table des usagers, l\u2019habillage, la toilette, et leur apportons toute l\u2019aide dont ils ont besoin (mat\u00e9riel et outils adapt\u00e9s, techniques sp\u00e9cifiques\u2026).<\/p>\n<p>Notre Institut dispose d\u2019un <strong>bassin de baln\u00e9oth\u00e9rapie<\/strong>. Dans l\u2019ensemble de la baln\u00e9o, un protocole d\u2019hygi\u00e8ne et de fonctionnement adapt\u00e9 est mis en place.\u00a0Les baignades sont s\u00e9curis\u00e9es et sous constante surveillance.<\/p>\n<h2>Confort<\/h2>\n<p>Le personnel de notre \u00e9tablissement est <strong>sensibilis\u00e9 \u00e0 la prise en compte de la douleur<\/strong>.\u00a0L\u2019Institut accorde une grande importance au <strong>confort <\/strong>de chaque personne accueillie. En premier lieu, le confort physique qui tient beaucoup aux positions des b\u00e9n\u00e9ficiaires est une pr\u00e9occupation constante. Dans ce domaine, des <strong>soins quotidiens\u00a0<\/strong>sont assur\u00e9s par les <strong>aides soignants<\/strong> et les <strong>aides m\u00e9dico-psychologiques<\/strong> (AMP). Ainsi, pour les b\u00e9n\u00e9ficiaires qui le n\u00e9cessitent, le nursing est pratiqu\u00e9 de m\u00eame que la pr\u00e9vention des troubles de la circulation, de la d\u00e9nutrition et des escarres.<\/p>\n<p>Une <strong>verticalisation adapt\u00e9e<\/strong> est prescrite et assur\u00e9e pour tous les usagers qui en ont besoin.\u00a0La qualit\u00e9 technique et la juste adaptation des installations sont \u00e9galement r\u00e9guli\u00e8rement v\u00e9rifi\u00e9es.\u00a0Nous veillons au confort thermique des usagers \u00e0 l\u2019int\u00e9rieur des locaux, ainsi qu\u2019\u00e0 l\u2019ext\u00e9rieur et dans les v\u00e9hicules.<\/p>\n<h2>Accompagnement \u00e0 l\u2019ext\u00e9rieur de l\u2019Institut<\/h2>\n<p>Notre \u00e9quipe <strong>assure la prise de rendez vous et l\u2019accompagnement \u00e0 certaines consultations<\/strong> (orthodontie, ophtalmologie, radiologie, di\u00e9t\u00e9tique\u2026). Elle favorise \u00e9galement la <strong>coordination avec les diff\u00e9rents intervenants<\/strong> : pour les b\u00e9n\u00e9ficiaires dont le projet personnalis\u00e9 fait appel \u00e0 des intervenants ou des organismes ext\u00e9rieurs, il s\u2019agit d\u2019harmoniser les actions et d\u2019organiser des rencontres tendant \u00e0 faciliter la prise en charge globale de l\u2019usager.<\/p>\n<h2>Information et sensibilisation<\/h2>\n<p>L\u2019Institut d\u2019Education Motrice \u00e9tant\u00a0un \u00e9tablissement d\u2019\u00e9ducation, nous veillons dans le cadre de la formation g\u00e9n\u00e9rale des usagers \u00e0 assurer de mani\u00e8re adapt\u00e9e pour chacun une information ou une sensibilisation dans les domaines suivants :<\/p>\n<ul>\n<li>Respect des rythmes de vie et notamment du temps de sommeil<\/li>\n<li>Di\u00e9t\u00e9tique et Hygi\u00e8ne alimentaire<\/li>\n<li>Hygi\u00e8ne corporelle<\/li>\n<li>Conduites addictives (tabac, alcool, drogues)<\/li>\n<li>Sexualit\u00e9 et contraception<\/li>\n<\/ul>\n<p>Nous assurons la distribution et l\u2019observance des \u00e9ventuelles prescriptions m\u00e9dicamenteuses du m\u00e9decin traitant de la Personne accueillie, par notre infirmi\u00e8re et, en son absence, selon la proc\u00e9dure en vigueur.<\/p>\n","protected":false},"excerpt":{"rendered":"<p>Suivi m\u00e9dical Le service m\u00e9dical de l&rsquo;IEM Rossetti\u00a0assure le suivi de la sant\u00e9 de la personne accueillie pour ce qui &hellip; <\/p>\n","protected":false},"author":1,"featured_media":0,"parent":0,"menu_order":0,"comment_status":"closed","ping_status":"closed","template":"page-no-breadcrumbs-full-width.php","meta":{"_uf_show_specific_survey":0,"_uf_disable_surveys":false,"jetpack_post_was_ever_published":false,"footnotes":""},"class_list":["post-223","page","type-page","status-publish","hentry"],"yoast_head":"<!-- This site is optimized with the Yoast SEO plugin v27.5 - https:\/\/yoast.com\/product\/yoast-seo-wordpress\/ -->\n<title>Le service m\u00e9dical - IEM Rossetti<\/title>\n<meta name=\"description\" content=\"Le service m\u00e9dical de l&#039;IEM Rossetti\u00a0assure le suivi de la sant\u00e9 de la personne accueillie pour ce qui concerne le handicap moteur et les handicaps associ\u00e9s.\" \/>\n<meta name=\"robots\" content=\"index, follow, max-snippet:-1, max-image-preview:large, max-video-preview:-1\" \/>\n<link rel=\"canonical\" href=\"https:\/\/www.pep06.fr\/rossetti\/service-medical\/\" \/>\n<meta property=\"og:locale\" content=\"fr_FR\" \/>\n<meta property=\"og:type\" content=\"article\" \/>\n<meta property=\"og:title\" content=\"Le service m\u00e9dical - IEM Rossetti\" \/>\n<meta property=\"og:description\" content=\"Le service m\u00e9dical de l&#039;IEM Rossetti\u00a0assure le suivi de la sant\u00e9 de la personne accueillie pour ce qui concerne le handicap moteur et les handicaps associ\u00e9s.\" \/>\n<meta property=\"og:url\" content=\"https:\/\/www.pep06.fr\/rossetti\/service-medical\/\" \/>\n<meta property=\"og:site_name\" content=\"IEM Rossetti\" \/>\n<meta property=\"article:publisher\" content=\"https:\/\/www.facebook.com\/ADPEP06\" \/>\n<meta property=\"article:modified_time\" content=\"2015-12-02T13:51:28+00:00\" \/>\n<meta name=\"twitter:card\" content=\"summary_large_image\" \/>\n<meta name=\"twitter:label1\" content=\"Dur\u00e9e de lecture estim\u00e9e\" \/>\n\t<meta name=\"twitter:data1\" content=\"4 minutes\" \/>\n<script type=\"application\/ld+json\" class=\"yoast-schema-graph\">{\"@context\":\"https:\\\/\\\/schema.org\",\"@graph\":[{\"@type\":\"WebPage\",\"@id\":\"https:\\\/\\\/www.pep06.fr\\\/rossetti\\\/service-medical\\\/\",\"url\":\"https:\\\/\\\/www.pep06.fr\\\/rossetti\\\/service-medical\\\/\",\"name\":\"Le service m\u00e9dical - IEM Rossetti\",\"isPartOf\":{\"@id\":\"https:\\\/\\\/www.pep06.fr\\\/rossetti\\\/#website\"},\"datePublished\":\"2015-11-27T15:22:09+00:00\",\"dateModified\":\"2015-12-02T13:51:28+00:00\",\"description\":\"Le service m\u00e9dical de l'IEM Rossetti\u00a0assure le suivi de la sant\u00e9 de la personne accueillie pour ce qui concerne le handicap moteur et les handicaps associ\u00e9s.\",\"breadcrumb\":{\"@id\":\"https:\\\/\\\/www.pep06.fr\\\/rossetti\\\/service-medical\\\/#breadcrumb\"},\"inLanguage\":\"fr-FR\",\"potentialAction\":[{\"@type\":\"ReadAction\",\"target\":[\"https:\\\/\\\/www.pep06.fr\\\/rossetti\\\/service-medical\\\/\"]}]},{\"@type\":\"BreadcrumbList\",\"@id\":\"https:\\\/\\\/www.pep06.fr\\\/rossetti\\\/service-medical\\\/#breadcrumb\",\"itemListElement\":[{\"@type\":\"ListItem\",\"position\":1,\"name\":\"Accueil\",\"item\":\"https:\\\/\\\/www.pep06.fr\\\/rossetti\\\/\"},{\"@type\":\"ListItem\",\"position\":2,\"name\":\"Le service m\u00e9dical\"}]},{\"@type\":\"WebSite\",\"@id\":\"https:\\\/\\\/www.pep06.fr\\\/rossetti\\\/#website\",\"url\":\"https:\\\/\\\/www.pep06.fr\\\/rossetti\\\/\",\"name\":\"IEM Rossetti\",\"description\":\"Le site de l&#039;IEM Rossetti des PEP 06\",\"publisher\":{\"@id\":\"https:\\\/\\\/www.pep06.fr\\\/rossetti\\\/#organization\"},\"potentialAction\":[{\"@type\":\"SearchAction\",\"target\":{\"@type\":\"EntryPoint\",\"urlTemplate\":\"https:\\\/\\\/www.pep06.fr\\\/rossetti\\\/?s={search_term_string}\"},\"query-input\":{\"@type\":\"PropertyValueSpecification\",\"valueRequired\":true,\"valueName\":\"search_term_string\"}}],\"inLanguage\":\"fr-FR\"},{\"@type\":\"Organization\",\"@id\":\"https:\\\/\\\/www.pep06.fr\\\/rossetti\\\/#organization\",\"name\":\"PEP 06\",\"url\":\"https:\\\/\\\/www.pep06.fr\\\/rossetti\\\/\",\"logo\":{\"@type\":\"ImageObject\",\"inLanguage\":\"fr-FR\",\"@id\":\"https:\\\/\\\/www.pep06.fr\\\/rossetti\\\/#\\\/schema\\\/logo\\\/image\\\/\",\"url\":\"https:\\\/\\\/www.pep06.fr\\\/rossetti\\\/wp-content\\\/uploads\\\/sites\\\/2\\\/2015\\\/11\\\/Logo-PEP06.png\",\"contentUrl\":\"https:\\\/\\\/www.pep06.fr\\\/rossetti\\\/wp-content\\\/uploads\\\/sites\\\/2\\\/2015\\\/11\\\/Logo-PEP06.png\",\"width\":915,\"height\":915,\"caption\":\"PEP 06\"},\"image\":{\"@id\":\"https:\\\/\\\/www.pep06.fr\\\/rossetti\\\/#\\\/schema\\\/logo\\\/image\\\/\"},\"sameAs\":[\"https:\\\/\\\/www.facebook.com\\\/ADPEP06\"]}]}<\/script>\n<!-- \/ Yoast SEO plugin. -->","yoast_head_json":{"title":"Le service m\u00e9dical - IEM Rossetti","description":"Le service m\u00e9dical de l'IEM Rossetti\u00a0assure le suivi de la sant\u00e9 de la personne accueillie pour ce qui concerne le handicap moteur et les handicaps associ\u00e9s.","robots":{"index":"index","follow":"follow","max-snippet":"max-snippet:-1","max-image-preview":"max-image-preview:large","max-video-preview":"max-video-preview:-1"},"canonical":"https:\/\/www.pep06.fr\/rossetti\/service-medical\/","og_locale":"fr_FR","og_type":"article","og_title":"Le service m\u00e9dical - IEM Rossetti","og_description":"Le service m\u00e9dical de l'IEM Rossetti\u00a0assure le suivi de la sant\u00e9 de la personne accueillie pour ce qui concerne le handicap moteur et les handicaps associ\u00e9s.","og_url":"https:\/\/www.pep06.fr\/rossetti\/service-medical\/","og_site_name":"IEM Rossetti","article_publisher":"https:\/\/www.facebook.com\/ADPEP06","article_modified_time":"2015-12-02T13:51:28+00:00","twitter_card":"summary_large_image","twitter_misc":{"Dur\u00e9e de lecture estim\u00e9e":"4 minutes"},"schema":{"@context":"https:\/\/schema.org","@graph":[{"@type":"WebPage","@id":"https:\/\/www.pep06.fr\/rossetti\/service-medical\/","url":"https:\/\/www.pep06.fr\/rossetti\/service-medical\/","name":"Le service m\u00e9dical - IEM Rossetti","isPartOf":{"@id":"https:\/\/www.pep06.fr\/rossetti\/#website"},"datePublished":"2015-11-27T15:22:09+00:00","dateModified":"2015-12-02T13:51:28+00:00","description":"Le service m\u00e9dical de l'IEM Rossetti\u00a0assure le suivi de la sant\u00e9 de la personne accueillie pour ce qui concerne le handicap moteur et les handicaps associ\u00e9s.","breadcrumb":{"@id":"https:\/\/www.pep06.fr\/rossetti\/service-medical\/#breadcrumb"},"inLanguage":"fr-FR","potentialAction":[{"@type":"ReadAction","target":["https:\/\/www.pep06.fr\/rossetti\/service-medical\/"]}]},{"@type":"BreadcrumbList","@id":"https:\/\/www.pep06.fr\/rossetti\/service-medical\/#breadcrumb","itemListElement":[{"@type":"ListItem","position":1,"name":"Accueil","item":"https:\/\/www.pep06.fr\/rossetti\/"},{"@type":"ListItem","position":2,"name":"Le service m\u00e9dical"}]},{"@type":"WebSite","@id":"https:\/\/www.pep06.fr\/rossetti\/#website","url":"https:\/\/www.pep06.fr\/rossetti\/","name":"IEM Rossetti","description":"Le site de l&#039;IEM Rossetti des PEP 06","publisher":{"@id":"https:\/\/www.pep06.fr\/rossetti\/#organization"},"potentialAction":[{"@type":"SearchAction","target":{"@type":"EntryPoint","urlTemplate":"https:\/\/www.pep06.fr\/rossetti\/?s={search_term_string}"},"query-input":{"@type":"PropertyValueSpecification","valueRequired":true,"valueName":"search_term_string"}}],"inLanguage":"fr-FR"},{"@type":"Organization","@id":"https:\/\/www.pep06.fr\/rossetti\/#organization","name":"PEP 06","url":"https:\/\/www.pep06.fr\/rossetti\/","logo":{"@type":"ImageObject","inLanguage":"fr-FR","@id":"https:\/\/www.pep06.fr\/rossetti\/#\/schema\/logo\/image\/","url":"https:\/\/www.pep06.fr\/rossetti\/wp-content\/uploads\/sites\/2\/2015\/11\/Logo-PEP06.png","contentUrl":"https:\/\/www.pep06.fr\/rossetti\/wp-content\/uploads\/sites\/2\/2015\/11\/Logo-PEP06.png","width":915,"height":915,"caption":"PEP 06"},"image":{"@id":"https:\/\/www.pep06.fr\/rossetti\/#\/schema\/logo\/image\/"},"sameAs":["https:\/\/www.facebook.com\/ADPEP06"]}]}},"jetpack_sharing_enabled":true,"jetpack_shortlink":"https:\/\/wp.me\/P6ZrMM-3B","_links":{"self":[{"href":"https:\/\/www.pep06.fr\/rossetti\/wp-json\/wp\/v2\/pages\/223","targetHints":{"allow":["GET"]}}],"collection":[{"href":"https:\/\/www.pep06.fr\/rossetti\/wp-json\/wp\/v2\/pages"}],"about":[{"href":"https:\/\/www.pep06.fr\/rossetti\/wp-json\/wp\/v2\/types\/page"}],"author":[{"embeddable":true,"href":"https:\/\/www.pep06.fr\/rossetti\/wp-json\/wp\/v2\/users\/1"}],"replies":[{"embeddable":true,"href":"https:\/\/www.pep06.fr\/rossetti\/wp-json\/wp\/v2\/comments?post=223"}],"version-history":[{"count":4,"href":"https:\/\/www.pep06.fr\/rossetti\/wp-json\/wp\/v2\/pages\/223\/revisions"}],"predecessor-version":[{"id":284,"href":"https:\/\/www.pep06.fr\/rossetti\/wp-json\/wp\/v2\/pages\/223\/revisions\/284"}],"wp:attachment":[{"href":"https:\/\/www.pep06.fr\/rossetti\/wp-json\/wp\/v2\/media?parent=223"}],"curies":[{"name":"wp","href":"https:\/\/api.w.org\/{rel}","templated":true}]}}